{"id":283,"date":"2021-07-09T14:58:26","date_gmt":"2021-07-09T13:58:26","guid":{"rendered":"https:\/\/w3.ese.ipsantarem.pt\/fablab2\/?page_id=283"},"modified":"2022-08-10T12:37:19","modified_gmt":"2022-08-10T11:37:19","slug":"sobre-nos","status":"publish","type":"page","link":"https:\/\/w3.ese.ipsantarem.pt\/fablab\/sobre-nos\/","title":{"rendered":"Sobre n\u00f3s"},"content":{"rendered":"\t\t<div data-elementor-type=\"wp-page\" data-elementor-id=\"283\" class=\"elementor elementor-283\">\n\t\t\t\t\t\t<section class=\"elementor-section elementor-top-section elementor-element elementor-element-25e1f1b elementor-section-stretched elementor-section-boxed elementor-section-height-default elementor-section-height-default\" data-id=\"25e1f1b\" data-element_type=\"section\" data-settings=\"{&quot;stretch_section&quot;:&quot;section-stretched&quot;}\">\n\t\t\t\t\t\t<div class=\"elementor-container elementor-column-gap-default\">\n\t\t\t\t\t<div class=\"elementor-column elementor-col-100 elementor-top-column elementor-element elementor-element-e7c6472\" data-id=\"e7c6472\" data-element_type=\"column\">\n\t\t\t<div class=\"elementor-widget-wrap elementor-element-populated\">\n\t\t\t\t\t\t<div class=\"elementor-element elementor-element-fd47ffd elementor-widget elementor-widget-text-editor\" data-id=\"fd47ffd\" data-element_type=\"widget\" data-widget_type=\"text-editor.default\">\n\t\t\t\t<div class=\"elementor-widget-container\">\n\t\t\t\t\t\t\t\t\t<p>O Fablab ESE-IPSantar\u00e9m \u00e9 um espa\u00e7o criativo, para o desenvolvimento de novas ideias e produtos inovadores. \u00a0As potencialidades de um espa\u00e7o como este na execu\u00e7\u00e3o de estudos e prot\u00f3tipos, permite que a comunidade acad\u00e9mica e a sociedade em geral possam contribuir para a evolu\u00e7\u00e3o de uma sociedade do conhecimento e com conhecimentos.<\/p><p>Nossos objectivos e miss\u00f5es levam em considera\u00e7\u00e3o actividades que fortale\u00e7am o desenvolvimento, n\u00e3o s\u00f3 da comunidade acad\u00e9mica, como da regi\u00e3o local colocando ao dispor um conjunto de ferramentas de prototipagem r\u00e1pida e econ\u00f3mica.<\/p><p>A potencialidade das m\u00e1quinas na ESE-IPSantar\u00e9m torna consistente a ideia de dar continuidade a um projeto que possa potenciar a institui\u00e7\u00e3o e apoiar na concretiza\u00e7\u00e3o de projetos acad\u00e9micos, pessoais e uma estreita colabora\u00e7\u00e3o com as empresas da regi\u00e3o.<\/p><p>A metodologia adotada \u00e9 o \u201caprender fazendo\u201d que come\u00e7a na conce\u00e7\u00e3o digital do seu projeto e materializ\u00e1-lo no equipamento dispon\u00edvel pelo FabLab. Basta reservar os equipamentos dispon\u00edveis e vir desenvolver o seu projeto (a baixo custo).<\/p><p>Os Dom\u00ednios de interven\u00e7\u00e3o s\u00e3o a Educa\u00e7\u00e3o, a Ind\u00fastria criativa e a Coopera\u00e7\u00e3o t\u00e9cnica.<\/p><p>A preocupa\u00e7\u00e3o do uso de materiais reciclados bem como a preocupa\u00e7\u00e3o ambiental nas atividades, \u00e9 fundamental, o reaproveitamento de desperd\u00edcios tudo isso acresce um enorme valor.<\/p><p>O Fablab Santar\u00e9m est\u00e1 incorporado na <a href=\"http:\/\/www.fablabsportugal.pt\/rede-global-de-fablabs\/\">rede global de Fablabs<\/a>, onde est\u00e3o reunidos todos os Laborat\u00f3rios de Fabrica\u00e7\u00e3o Digital que operam a n\u00edvel nacional,\u00a0 sendo uma rede de partilha de conhecimento e projetos.<\/p>\t\t\t\t\t\t\t\t<\/div>\n\t\t\t\t<\/div>\n\t\t\t\t\t<\/div>\n\t\t<\/div>\n\t\t\t\t\t<\/div>\n\t\t<\/section>\n\t\t\t\t<section class=\"elementor-section elementor-top-section elementor-element elementor-element-885938b elementor-section-stretched elementor-section-boxed elementor-section-height-default elementor-section-height-default\" data-id=\"885938b\" data-element_type=\"section\" data-settings=\"{&quot;stretch_section&quot;:&quot;section-stretched&quot;}\">\n\t\t\t\t\t\t<div class=\"elementor-container elementor-column-gap-default\">\n\t\t\t\t\t<div class=\"elementor-column elementor-col-100 elementor-top-column elementor-element elementor-element-823250e\" data-id=\"823250e\" data-element_type=\"column\">\n\t\t\t<div class=\"elementor-widget-wrap elementor-element-populated\">\n\t\t\t\t\t\t<div class=\"elementor-element elementor-element-5424974 elementor-widget elementor-widget-toggle\" data-id=\"5424974\" data-element_type=\"widget\" data-widget_type=\"toggle.default\">\n\t\t\t\t<div class=\"elementor-widget-container\">\n\t\t\t\t\t\t\t<div class=\"elementor-toggle\">\n\t\t\t\t\t\t\t<div class=\"elementor-toggle-item\">\n\t\t\t\t\t<div id=\"elementor-tab-title-8821\" class=\"elementor-tab-title\" data-tab=\"1\" role=\"button\" aria-controls=\"elementor-tab-content-8821\" aria-expanded=\"false\">\n\t\t\t\t\t\t\t\t\t\t\t\t<span class=\"elementor-toggle-icon elementor-toggle-icon-left\" aria-hidden=\"true\">\n\t\t\t\t\t\t\t\t\t\t\t\t\t\t\t<span class=\"elementor-toggle-icon-closed\"><i class=\"fas fa-caret-right\"><\/i><\/span>\n\t\t\t\t\t\t\t\t<span class=\"elementor-toggle-icon-opened\"><i class=\"elementor-toggle-icon-opened fas fa-caret-up\"><\/i><\/span>\n\t\t\t\t\t\t\t\t\t\t\t\t\t<\/span>\n\t\t\t\t\t\t\t\t\t\t\t\t<a class=\"elementor-toggle-title\" tabindex=\"0\">Equipamentos dispon\u00edveis no Fablab Santar\u00e9m<\/a>\n\t\t\t\t\t<\/div>\n\n\t\t\t\t\t<div id=\"elementor-tab-content-8821\" class=\"elementor-tab-content elementor-clearfix\" data-tab=\"1\" role=\"region\" aria-labelledby=\"elementor-tab-title-8821\"> \t&#8211; Fresadora de Pequena Dimens\u00e3o Roland MODELA (15x15cm)<br> \t&#8211; Fresadora de Grande Dimens\u00e3o OUPAN 2010 (200x150cm)<br>\n \t&#8211; M\u00e1quina de corte e Grava\u00e7\u00e3o a Laser Mercury III (630x450cm)<br>&#8211; Plotter de corte de pel\u00edculas Roland CAMM-1 (50cm)<br>\n&#8211; Impressora 3D BeePrusa . Beverycreative 15x15x15 (ABS; PLA)<br>\n&#8211; Impressora 3D BeeTheFirst 15x15x15 (ABS; PLA)<br>\n&#8211; Statasys Dimension 30x30x30 (ABS)<br>\n&#8211; Scanner Roland MODELA (15x15cm)<br>\n&#8211; Laborat\u00f3rio de eletr\u00f3nica (ferro de soldar)<br>\n&#8211; Ferramentas de Pequeno Porte (mala de ferramentas)\n<\/ul><\/div>\n\t\t\t\t<\/div>\n\t\t\t\t\t\t\t<div class=\"elementor-toggle-item\">\n\t\t\t\t\t<div id=\"elementor-tab-title-8822\" class=\"elementor-tab-title\" data-tab=\"2\" role=\"button\" aria-controls=\"elementor-tab-content-8822\" aria-expanded=\"false\">\n\t\t\t\t\t\t\t\t\t\t\t\t<span class=\"elementor-toggle-icon elementor-toggle-icon-left\" aria-hidden=\"true\">\n\t\t\t\t\t\t\t\t\t\t\t\t\t\t\t<span class=\"elementor-toggle-icon-closed\"><i class=\"fas fa-caret-right\"><\/i><\/span>\n\t\t\t\t\t\t\t\t<span class=\"elementor-toggle-icon-opened\"><i class=\"elementor-toggle-icon-opened fas fa-caret-up\"><\/i><\/span>\n\t\t\t\t\t\t\t\t\t\t\t\t\t<\/span>\n\t\t\t\t\t\t\t\t\t\t\t\t<a class=\"elementor-toggle-title\" tabindex=\"0\">Fab Charter<\/a>\n\t\t\t\t\t<\/div>\n\n\t\t\t\t\t<div id=\"elementor-tab-content-8822\" class=\"elementor-tab-content elementor-clearfix\" data-tab=\"2\" role=\"region\" aria-labelledby=\"elementor-tab-title-8822\"><p><strong>&#8211; O que \u00e9 um fab lab?<\/strong><br \/>Os laborat\u00f3rios Fab s\u00e3o uma rede global de laborat\u00f3rios locais, permitindo a inven\u00e7\u00e3o ao fornecer acesso a ferramentas para fabrica\u00e7\u00e3o digital.<\/p><p><strong>&#8211; O que h\u00e1 em um fab lab?<\/strong><br \/>Os Fab Labs compartilham um invent\u00e1rio em evolu\u00e7\u00e3o de recursos essenciais para fazer (quase) qualquer coisa, permitindo que pessoas e projetos sejam compartilhados.<\/p><p><strong>&#8211; O que a rede de laborat\u00f3rios de fabrica\u00e7\u00e3o oferece?<\/strong><br \/>Assist\u00eancia operacional, educacional, t\u00e9cnica, financeira e log\u00edstica, al\u00e9m do que est\u00e1 dispon\u00edvel em um laborat\u00f3rio.<\/p><p><strong>&#8211; Quem pode usar um fab lab?<\/strong><br \/>Os laborat\u00f3rios Fab est\u00e3o dispon\u00edveis como um recurso da comunidade, oferecendo acesso aberto para indiv\u00edduos, bem como acesso agendado para programas.<\/p><p><strong>&#8211; Quais s\u00e3o suas responsabilidades?<\/strong><br \/><strong>seguran\u00e7a<\/strong>: saber trabalhar sem colocar em risco pessoas ou equipamentos.<br \/><strong>opera\u00e7\u00f5es<\/strong>: auxiliando na limpeza, manuten\u00e7\u00e3o e melhoria do laborat\u00f3rio.<br \/><strong>conhecimento<\/strong>: contribuindo para a documenta\u00e7\u00e3o e instru\u00e7\u00e3o.<\/p><p><strong>&#8211; Quem \u00e9 o dono das inven\u00e7\u00f5es do fab lab?<\/strong><br \/>Os projectos e processos desenvolvidos nos Fablabs dever\u00e3o ser disponibilizados \u00e0 comunidade acautelando-se, sempre que desejado, a protec\u00e7\u00e3o da sua propriedade intelectual.<\/p><p><strong>&#8211; Como as empresas podem usar um fab lab?<\/strong><br \/>Podem ser criadas actividades comerciais a partir do Fablab mas n\u00e3o devem conflituar com o livre acesso deste. Essas actividades devem crescer para al\u00e9m do Fablab e \u00e9 expect\u00e1vel que os inventores e rede de Fablabs que contribu\u00edram para o seu sucesso beneficiem com isso.<\/p><\/div>\n\t\t\t\t<\/div>\n\t\t\t\t\t\t\t\t<\/div>\n\t\t\t\t\t\t<\/div>\n\t\t\t\t<\/div>\n\t\t\t\t\t<\/div>\n\t\t<\/div>\n\t\t\t\t\t<\/div>\n\t\t<\/section>\n\t\t\t\t<\/div>\n\t\t","protected":false},"excerpt":{"rendered":"<p>O Fablab ESE-IPSantar\u00e9m \u00e9 um espa\u00e7o criativo, para o desenvolvimento de novas ideias e produtos inovadores. \u00a0As potencialidades de um espa\u00e7o como este na execu\u00e7\u00e3o de estudos e prot\u00f3tipos, permite que a comunidade acad\u00e9mica e a sociedade em geral possam contribuir para a evolu\u00e7\u00e3o de uma sociedade do conhecimento e com conhecimentos. Nossos objectivos e &hellip; <\/p>\n<p class=\"link-more\"><a href=\"https:\/\/w3.ese.ipsantarem.pt\/fablab\/sobre-nos\/\" class=\"more-link\">Continuar a ler <span class=\"screen-reader-text\">&#8220;Sobre n\u00f3s&#8221;<\/span><\/a><\/p>\n","protected":false},"author":1,"featured_media":0,"parent":0,"menu_order":0,"comment_status":"closed","ping_status":"closed","template":"","meta":{"_eb_attr":"","footnotes":""},"class_list":["post-283","page","type-page","status-publish","hentry"],"_links":{"self":[{"href":"https:\/\/w3.ese.ipsantarem.pt\/fablab\/wp-json\/wp\/v2\/pages\/283","targetHints":{"allow":["GET"]}}],"collection":[{"href":"https:\/\/w3.ese.ipsantarem.pt\/fablab\/wp-json\/wp\/v2\/pages"}],"about":[{"href":"https:\/\/w3.ese.ipsantarem.pt\/fablab\/wp-json\/wp\/v2\/types\/page"}],"author":[{"embeddable":true,"href":"https:\/\/w3.ese.ipsantarem.pt\/fablab\/wp-json\/wp\/v2\/users\/1"}],"replies":[{"embeddable":true,"href":"https:\/\/w3.ese.ipsantarem.pt\/fablab\/wp-json\/wp\/v2\/comments?post=283"}],"version-history":[{"count":255,"href":"https:\/\/w3.ese.ipsantarem.pt\/fablab\/wp-json\/wp\/v2\/pages\/283\/revisions"}],"predecessor-version":[{"id":2484,"href":"https:\/\/w3.ese.ipsantarem.pt\/fablab\/wp-json\/wp\/v2\/pages\/283\/revisions\/2484"}],"wp:attachment":[{"href":"https:\/\/w3.ese.ipsantarem.pt\/fablab\/wp-json\/wp\/v2\/media?parent=283"}],"curies":[{"name":"wp","href":"https:\/\/api.w.org\/{rel}","templated":true}]}}